{"id":183,"date":"2024-11-04T14:26:19","date_gmt":"2024-11-04T13:26:19","guid":{"rendered":"https:\/\/www.ursulagates.com\/?page_id=183"},"modified":"2025-01-19T09:08:20","modified_gmt":"2025-01-19T08:08:20","slug":"a-propos-de-laffaire-judiciaire","status":"publish","type":"page","link":"http:\/\/www.ursulagates.com\/fr\/a-propos-de-laffaire-judiciaire\/","title":{"rendered":"L&rsquo;affaire"},"content":{"rendered":"\n<p>About Affair<\/p>\n\n\n\n<div class=\"wp-block-cover alignfull\" style=\"min-height:600px;aspect-ratio:unset;\"><span aria-hidden=\"true\" class=\"wp-block-cover__background has-background-dim-0 has-background-dim\" style=\"background-color:#807283\"><\/span><img loading=\"lazy\" decoding=\"async\" width=\"2560\" height=\"1714\" class=\"wp-block-cover__image-background wp-image-18\" alt=\"Ursula von der Leyen visiting Pfizer in Puurs, Belgium, 23 April 2021. Photo credit: EPA-EFE\/JOHN THYS\/POOL, License: CEBiz SA by EPA\" src=\"http:\/\/www.ursulagates.com\/wp-content\/uploads\/2024\/10\/EPA9293739_Licensed_CEBiz-scaled.jpg\" style=\"object-position:35% 48%\" data-object-fit=\"cover\" data-object-position=\"35% 48%\" srcset=\"https:\/\/www.ursulagates.com\/wp-content\/uploads\/2024\/10\/EPA9293739_Licensed_CEBiz-scaled.jpg 2560w, https:\/\/www.ursulagates.com\/wp-content\/uploads\/2024\/10\/EPA9293739_Licensed_CEBiz-300x201.jpg 300w, https:\/\/www.ursulagates.com\/wp-content\/uploads\/2024\/10\/EPA9293739_Licensed_CEBiz-1024x686.jpg 1024w, https:\/\/www.ursulagates.com\/wp-content\/uploads\/2024\/10\/EPA9293739_Licensed_CEBiz-768x514.jpg 768w, https:\/\/www.ursulagates.com\/wp-content\/uploads\/2024\/10\/EPA9293739_Licensed_CEBiz-1536x1029.jpg 1536w, https:\/\/www.ursulagates.com\/wp-content\/uploads\/2024\/10\/EPA9293739_Licensed_CEBiz-2048x1372.jpg 2048w\" sizes=\"auto, (max-width: 2560px) 100vw, 2560px\" \/><div class=\"wp-block-cover__inner-container has-global-padding is-layout-constrained wp-block-cover-is-layout-constrained\">\n<p class=\"has-text-align-center has-large-font-size\"><\/p>\n<\/div><\/div>\n\n\n\n<h2 class=\"wp-block-heading alignfull has-text-align-center has-contrast-color has-custom-color-1-background-color has-text-color has-background has-link-color wp-elements-058bed51a4b5598e8260d521fd709339\" style=\"padding-top:var(--wp--preset--spacing--20);padding-bottom:var(--wp--preset--spacing--20)\">#<strong>UrsulaGates : l&rsquo;affaire judiciaire<\/strong><\/h2>\n\n\n\n<div class=\"wp-block-group has-global-padding is-layout-constrained wp-block-group-is-layout-constrained\" style=\"padding-top:var(--wp--preset--spacing--10);padding-bottom:var(--wp--preset--spacing--10)\">\n<div class=\"wp-block-group has-global-padding is-layout-constrained wp-block-group-is-layout-constrained\" style=\"padding-top:var(--wp--preset--spacing--10);padding-bottom:var(--wp--preset--spacing--10)\">\n<h3 class=\"wp-block-heading is-style-default\" style=\"padding-top:var(--wp--preset--spacing--10);padding-bottom:var(--wp--preset--spacing--10)\"><strong>D\u00e9clarations \u00e0 la sortie de la troisi\u00e8me audience p\u00e9nale devant la Chambre des Mises en Accusation du Tribunal de Premi\u00e8re Instance de Li\u00e8ge<\/strong><\/h3>\n\n\n\n<figure class=\"wp-block-embed is-type-video is-provider-youtube wp-block-embed-youtube wp-embed-aspect-16-9 wp-has-aspect-ratio\" style=\"margin-top:var(--wp--preset--spacing--20);margin-bottom:var(--wp--preset--spacing--20)\"><div class=\"wp-block-embed__wrapper\">\n<iframe loading=\"lazy\" title=\"Proc\u00e8s #vonderLeyen, Li\u00e8ge 6-1-2025 #7 - Sortie d&#039;audience, des plaignants r\u00e9pondent \u00e0 chaud\" width=\"500\" height=\"281\" src=\"https:\/\/www.youtube.com\/embed\/fwpsU-Dky0A?start=12&#038;feature=oembed\" frameborder=\"0\" allow=\"accelerometer; autoplay; clipboard-write; encrypted-media; gyroscope; picture-in-picture; web-share\" referrerpolicy=\"strict-origin-when-cross-origin\" allowfullscreen><\/iframe>\n<\/div><\/figure>\n<\/div>\n\n\n\n<div class=\"wp-block-group has-global-padding is-layout-constrained wp-block-group-is-layout-constrained\" style=\"padding-top:var(--wp--preset--spacing--10);padding-bottom:var(--wp--preset--spacing--10)\">\n<h3 class=\"wp-block-heading is-style-default\" style=\"padding-top:var(--wp--preset--spacing--10);padding-bottom:var(--wp--preset--spacing--10)\"><strong>Le point sur la seconde audience p\u00e9nale devant la Chambre du Conseil du Tribunal de Premi\u00e8re Instance de Li\u00e8ge<\/strong><\/h3>\n\n\n\n<figure class=\"wp-block-embed is-type-video is-provider-youtube wp-block-embed-youtube wp-embed-aspect-16-9 wp-has-aspect-ratio\" style=\"margin-top:var(--wp--preset--spacing--20);margin-bottom:var(--wp--preset--spacing--20)\"><div class=\"wp-block-embed__wrapper\">\n<iframe loading=\"lazy\" title=\"UrsulaGates : Conf\u00e9rence de presse 7\/12\/2024\" width=\"500\" height=\"281\" src=\"https:\/\/www.youtube.com\/embed\/JBbs3n-UMm0?start=1542&#038;feature=oembed\" frameborder=\"0\" allow=\"accelerometer; autoplay; clipboard-write; encrypted-media; gyroscope; picture-in-picture; web-share\" referrerpolicy=\"strict-origin-when-cross-origin\" allowfullscreen><\/iframe>\n<\/div><\/figure>\n<\/div>\n\n\n\n<h3 class=\"wp-block-heading is-style-default\" style=\"padding-top:var(--wp--preset--spacing--10);padding-bottom:var(--wp--preset--spacing--10)\"><strong>Le point sur la 1\u00e8re audience p\u00e9nale devant la Chambre du Conseil du Tribunal de Premi\u00e8re Instance de Li\u00e8ge<\/strong><\/h3>\n<\/div>\n\n\n\n<figure class=\"wp-block-embed is-type-video is-provider-youtube wp-block-embed-youtube wp-embed-aspect-16-9 wp-has-aspect-ratio\" style=\"margin-top:var(--wp--preset--spacing--20);margin-bottom:var(--wp--preset--spacing--20)\"><div class=\"wp-block-embed__wrapper\">\n<iframe loading=\"lazy\" title=\"L&#039;AFFAIRE URSULA VON DERLEYEN - CONFERENCE DE PRESSE\" width=\"500\" height=\"281\" src=\"https:\/\/www.youtube.com\/embed\/44ZqY-2_8iQ?feature=oembed\" frameborder=\"0\" allow=\"accelerometer; autoplay; clipboard-write; encrypted-media; gyroscope; picture-in-picture; web-share\" referrerpolicy=\"strict-origin-when-cross-origin\" allowfullscreen><\/iframe>\n<\/div><figcaption class=\"wp-element-caption\">140,706 views Streamed live on May 18, 2024 <\/figcaption><\/figure>\n\n\n\n<h2 class=\"wp-block-heading alignfull has-text-align-center has-contrast-color has-custom-color-1-background-color has-text-color has-background has-link-color wp-elements-4e79132bbf18137556f51ee12ff60bdb\" style=\"padding-top:var(--wp--preset--spacing--20);padding-bottom:var(--wp--preset--spacing--20)\"><strong>Les prochaines dates importantes<\/strong><\/h2>\n\n\n\n<ul class=\"wp-block-list\">\n<li class=\"text-align-justify\" style=\"margin-top:1rem;margin-right:var(--wp--preset--spacing--20);margin-bottom:1rem;margin-left:var(--wp--preset--spacing--20)\"><strong>20 janvier 2025<\/strong> <br>La Chambre des mises en accusation du Tribunal de premi\u00e8re instance de Li\u00e8ge rend son jugement par \u00e9crit apr\u00e8s deux semaines de d\u00e9lib\u00e9r\u00e9.<\/li>\n\n\n\n<li class=\"text-align-justify\" style=\"margin-top:1rem;margin-right:var(--wp--preset--spacing--20);margin-bottom:1rem;margin-left:var(--wp--preset--spacing--20)\"><strong>15 janvier 2025<\/strong> <br>Alors que l&rsquo;affaire est en d\u00e9lib\u00e9r\u00e9, le service communication d&rsquo;Ursula von der Leyen annonce dans toute la <a href=\"https:\/\/fr.euronews.com\/my-europe\/2025\/01\/15\/ursula-von-der-leyen-recoit-le-prix-charlemagne-pour-son-travail-sur-lunite-europeenne\">press<\/a><a href=\"https:\/\/fr.euronews.com\/my-europe\/2025\/01\/15\/ursula-von-der-leyen-recoit-le-prix-charlemagne-pour-son-travail-sur-lunite-europeenne\" target=\"_blank\" rel=\"noreferrer noopener\">e<\/a> qu&rsquo;elle recevra le \u00ab\u00a0Karlspreis\u00a0\u00bb (Prix Charlemagne). La fondation Stiftung Internationaler Karlspreis annonce d&rsquo;ailleurs sur <a href=\"https:\/\/www.karlspreis.de\/en\/news\/charlemagne-prize-2025\">son site<\/a> que ce prix lui est accord\u00e9 en lien avec des faits qui sont pourtant en d\u00e9lib\u00e9r\u00e9 devant la Chambre des mises en accusation de Li\u00e8ge. La remise de r\u00e9compense se fera le 29 mai 2025 ce qui interroge quant \u00e0 l&rsquo;opportunit\u00e9 de cette communication.<\/li>\n\n\n\n<li class=\"text-align-justify\" style=\"margin-top:1rem;margin-right:var(--wp--preset--spacing--20);margin-bottom:1rem;margin-left:var(--wp--preset--spacing--20)\"><strong>6 janvier 2025<\/strong> <br>Troisi\u00e8me audience p\u00e9nale devant la Chambre des mises en accusation du Tribunal de premi\u00e8re instance de Li\u00e8ge dans l&rsquo;affaire \u00ab\u00a0Ursula von der Leyen &amp; Autres\u00a0\u00bb.<\/li>\n\n\n\n<li class=\"text-align-justify\" style=\"margin-top:1rem;margin-right:var(--wp--preset--spacing--20);margin-bottom:1rem;margin-left:var(--wp--preset--spacing--20)\"><strong>20 d\u00e9cembre 2024<\/strong> <br>La firme de lobbying Politico publie dans son magazine une interview de la M\u00e9diatrice en charge de la transparence de l&rsquo;UE, Emily O\u2019Reilly. Dans cette publication intitul\u00e9e \u00ab\u00a0<em><a href=\"https:\/\/www.politico.eu\/article\/consiglieri-ursula-von-der-leyen-eu-commission-cabinet-ombudsman-emily-oreilly\/\">Des \u00ab consiglieri puissants \u00bb dirigent la Commission de Mme von der Leyen, selon le chef de la transparence de l&rsquo;U<\/a><a href=\"https:\/\/www.politico.eu\/article\/consiglieri-ursula-von-der-leyen-eu-commission-cabinet-ombudsman-emily-oreilly\/\" target=\"_blank\" rel=\"noreferrer noopener\">E<\/a><\/em>\u00ab\u00a0, la M\u00e9diatrice accuse la Commission europ\u00e9enne de se comporter comme une mafia et en impute la responsabilit\u00e9 \u00e0 Ursula von der Leyen.<\/li>\n\n\n\n<li class=\"text-align-justify\" style=\"margin-top:1rem;margin-right:var(--wp--preset--spacing--20);margin-bottom:1rem;margin-left:var(--wp--preset--spacing--20)\"><strong>7 d\u00e9cembre 2024<\/strong> <br>Conf\u00e9rence de presse relative \u00e0 l&rsquo;audience du 6 d\u00e9cembre 2024.<\/li>\n\n\n\n<li class=\"text-align-justify\" style=\"margin-top:1rem;margin-right:var(--wp--preset--spacing--20);margin-bottom:1rem;margin-left:var(--wp--preset--spacing--20)\"><strong>6 d\u00e9cembre 2024<\/strong> <br>Seconde audience p\u00e9nale devant la Chambre du Conseil du Tribunal de premi\u00e8re instance de Li\u00e8ge dans l&rsquo;affaire <a href=\"\/a-propos-de-lauteur\">Fr\u00e9d\u00e9ric Baldan<\/a> c\/ Ursula von der Leyen, Albert Bourla, Pfizer et BioNTech.<\/li>\n\n\n\n<li class=\"text-align-justify\" style=\"margin-top:1rem;margin-right:var(--wp--preset--spacing--20);margin-bottom:1rem;margin-left:var(--wp--preset--spacing--20)\"><strong>27 novembre 2024 <br><\/strong>Soir\u00e9e de pr\u00e9sentation du livre \u00e0 Li\u00e8ge<\/li>\n\n\n\n<li class=\"text-align-justify\" style=\"margin-top:1rem;margin-right:var(--wp--preset--spacing--20);margin-bottom:1rem;margin-left:var(--wp--preset--spacing--20)\"><strong>20 novembre 2024 <br><\/strong>Mise en vente du livre<\/li>\n\n\n\n<li class=\"text-align-justify\" style=\"margin-top:1rem;margin-right:var(--wp--preset--spacing--20);margin-bottom:1rem;margin-left:var(--wp--preset--spacing--20)\"><strong>16 novembre 2024 <br><\/strong>La RTBF publie un article intitul\u00e9 <em><a href=\"https:\/\/www.rtbf.be\/article\/pfizergate-la-commission-europeenne-repond-devant-la-justice-des-sms-effaces-d-ursula-von-der-leyen-11464054\" target=\"_blank\" rel=\"noreferrer noopener\">\u00ab\u00a0Pfizergate\u00a0\u00bb&nbsp;: la Commission europ\u00e9enne r\u00e9pond devant la justice des SMS effac\u00e9s d&rsquo;Ursula von der Leyen<\/a><\/em> et dans lequel il est \u00e9crit en conclusion : <br><br>\u00ab&nbsp;<strong>La saga du Pfizergate va se poursuivre devant les tribunaux<\/strong><br>Mais l\u2019histoire ne peut pas se r\u00e9p\u00e9ter. Pour Olivier Hoedeman de Corporate Europe Observatory, \u00ab\u00a0<em>ce genre de message ne doit jamais \u00eatre effac\u00e9. C\u2019est du bon sens. Les messages entre Ursula von der Leyen et Albert Bourla, le patron de Pfizer en pleine n\u00e9gociation sur les vaccins n\u2019auraient jamais d\u00fb \u00eatre effac\u00e9s. C\u2019est ce que la justice europ\u00e9enne devra dire \u00e0 la pr\u00e9sidente de la Commission.\u00a0\u00bb<\/em><br>Le jugement a \u00e9t\u00e9 mis en d\u00e9lib\u00e9r\u00e9. La d\u00e9cision du tribunal de l\u2019UE n\u2019est pas attendue avant plusieurs mois. D\u2019ici l\u00e0 d\u2019autres \u00e9pisodes du Pfizergate devraient voir le jour. A Li\u00e8ge, un tribunal examine la plainte de Fr\u00e9d\u00e9ric Baldan contre Ursula von der Leyen. Le lobbyiste belge accuse la pr\u00e9sidente de la Commission de&nbsp;\u00ab\u00a0<em>prise ill\u00e9gale d\u2019int\u00e9r\u00eats et corruption, usurpation de fonctions et de titre et destruction de documents publics<\/em>\u00ab\u00a0.&nbsp;La Pologne et la Hongrie se sont jointes au proc\u00e8s. L\u2019audience est pr\u00e9vue le 6&nbsp;d\u00e9cembre.&nbsp;\u00bb <br><br>Fr\u00e9d\u00e9ric BALDAN r\u00e9agit \u00e0 l&rsquo;audience dans un tweet sur x.com intitul\u00e9 <a href=\"https:\/\/x.com\/BaldanFrederic\/status\/1857682183588131188\" target=\"_blank\" rel=\"noreferrer noopener\"><strong><em>L&rsquo;AUDIENCE SMSGATE EN R\u00c9SUM\u00c9<\/em><\/strong><\/a>.<\/li>\n\n\n\n<li class=\"text-align-justify\" style=\"margin-top:1rem;margin-right:var(--wp--preset--spacing--20);margin-bottom:1rem;margin-left:var(--wp--preset--spacing--20)\"><strong>15 novembre 2024<br><\/strong>Audience \u00e0 la Cour de Justice de l&rsquo;Union Europ\u00e9enne (CJUE) de New York Times (NYT) c\/ Commission europ\u00e9enne portant sur le refuse de la Commission de transmettre les SMS \u00e9chang\u00e9s entre Albert Bourla et Ursula von der Leyen.<\/li>\n<\/ul>\n\n\n\n<h2 class=\"wp-block-heading alignfull has-text-align-center has-contrast-color has-custom-color-1-background-color has-text-color has-background has-link-color wp-elements-9fc1c9a128e2fa5f05cb9dbc5269ccf2\" style=\"padding-top:var(--wp--preset--spacing--20);padding-bottom:var(--wp--preset--spacing--20)\"><strong>L&rsquo;historique des moments forts<\/strong><\/h2>\n\n\n\n<ul class=\"wp-block-list\">\n<li class=\"text-align-justify\" style=\"margin-top:0.5rem;margin-right:var(--wp--preset--spacing--20);margin-bottom:0.5rem;margin-left:var(--wp--preset--spacing--20)\">Environ 2500 nouveaux plaignants se donnent \u00e0 conna\u00eetre pour se joindre \u00e0 la cause de Fr\u00e9d\u00e9ric Baldan;<\/li>\n\n\n\n<li class=\"text-align-justify\" style=\"margin-top:0.5rem;margin-right:var(--wp--preset--spacing--20);margin-bottom:0.5rem;margin-left:var(--wp--preset--spacing--20)\">Seconde d\u00e9signation d&rsquo;Ursula von der Leyen comme pr\u00e9sidente de la Commission, en violation des trait\u00e9s europ\u00e9ens et malgr\u00e9 les proc\u00e9dures judiciaires impliquant notamment des \u00e9tats membres \u2014 la fin de l&rsquo;\u00e9tat de droit et de l&rsquo;UE telle que nous l&rsquo;avons connue;<\/li>\n\n\n\n<li class=\"text-align-justify\" style=\"margin-right:var(--wp--preset--spacing--20);margin-left:var(--wp--preset--spacing--20);padding-top:0.5rem;padding-bottom:0.5rem\">La Cour de Justice de l&rsquo;Union Europ\u00e9enne (CJUE) reconna\u00eet l&rsquo;ill\u00e9galit\u00e9 des d\u00e9cisions de la Commission dans l&rsquo;affaire qui opposait cette derni\u00e8re aux d\u00e9put\u00e9s europ\u00e9ens;<\/li>\n\n\n\n<li class=\"text-align-justify\" style=\"margin-right:var(--wp--preset--spacing--20);margin-left:var(--wp--preset--spacing--20);padding-top:0.5rem;padding-bottom:0.5rem\">Proc\u00e9dure d&rsquo;appel du r\u00e9f\u00e9r\u00e9 Fr\u00e9d\u00e9ric Baldan c\/ Parti Poplulaire Europ\u00e9en (PPE) devant le tribunal civil de Bruxelles pour obtenir de contraindre le groupe politique europ\u00e9en d&rsquo;Ursula von der Leyen d&rsquo;appliquer ses statuts et de retirer sa candidature (sur fond d&rsquo;application de la directive visant \u00e0 prot\u00e9ger les lanceurs d&rsquo;alerte);<\/li>\n\n\n\n<li class=\"text-align-justify\" style=\"margin-right:var(--wp--preset--spacing--20);margin-left:var(--wp--preset--spacing--20);padding-top:0.5rem;padding-bottom:0.5rem\">Visite de Fr\u00e9d\u00e9ric Baldan accompagn\u00e9 d&rsquo;un huissier de justice au si\u00e8ge du Parti Poplulaire Europ\u00e9en (PPE) \u00e0 Bruxelles; <\/li>\n\n\n\n<li class=\"text-align-justify\" style=\"margin-right:var(--wp--preset--spacing--20);margin-left:var(--wp--preset--spacing--20);padding-top:0.5rem;padding-bottom:0.5rem\">Le Parti Poplulaire Europ\u00e9en (PPE) ne se pr\u00e9sente pas \u00e0 l&rsquo;audience; <\/li>\n\n\n\n<li class=\"text-align-justify\" style=\"margin-right:var(--wp--preset--spacing--20);margin-left:var(--wp--preset--spacing--20);padding-top:0.5rem;padding-bottom:0.5rem\">Proc\u00e9dure en r\u00e9f\u00e9r\u00e9 Fr\u00e9d\u00e9ric Baldan c\/ Parti Poplulaire Europ\u00e9en (PPE) devant le tribunal civil de Bruxelles pour obtenir de contraindre le groupe politique europ\u00e9en d&rsquo;Ursula von der Leyen d&rsquo;appliquer ses statuts et de retirer sa candidature (sur fond d&rsquo;application de la directive visant \u00e0 prot\u00e9ger les lanceurs d&rsquo;alerte); <\/li>\n\n\n\n<li class=\"text-align-justify\" style=\"margin-right:var(--wp--preset--spacing--20);margin-left:var(--wp--preset--spacing--20);padding-top:0.5rem;padding-bottom:0.5rem\">D\u00e9cision favorable aux plaignants amenant \u00e0 la remise de l&rsquo;affaire au 6 d\u00e9cembre 2024;<\/li>\n\n\n\n<li class=\"text-align-justify\" style=\"margin-right:var(--wp--preset--spacing--20);margin-left:var(--wp--preset--spacing--20);padding-top:0.5rem;padding-bottom:0.5rem\">Premi\u00e8re audience devant la Chambre du Conseil du Tribunal de Premi\u00e8re Instance de Li\u00e8ge dans l&rsquo;affaire p\u00e9nale Fr\u00e9d\u00e9ric Baldan c\/ Ursula von der Leyen, Albert Bourla, Pfizer et BioNtech;<\/li>\n\n\n\n<li class=\"text-align-justify\" style=\"margin-right:var(--wp--preset--spacing--20);margin-left:var(--wp--preset--spacing--20);padding-top:0.5rem;padding-bottom:0.5rem\">500 plaignants joignent la cause de Fr\u00e9d\u00e9ric Baldan dont deux \u00c9tats membres de l&rsquo;UE, des partis politiques (Belgique, France, Italie), des navigants (pilotes, h\u00f4tesses, &#8230;), des parents ayant perdu leur enfant en raison d&rsquo;effets secondaires graves, des \u00e9lus europ\u00e9ens &#8230;;<\/li>\n\n\n\n<li class=\"text-align-justify\" style=\"margin-right:var(--wp--preset--spacing--20);margin-left:var(--wp--preset--spacing--20);padding-top:0.5rem;padding-bottom:0.5rem\">Mise en demeure adress\u00e9e par Fr\u00e9d\u00e9ric Baldan au Conseil europ\u00e9en (chefs d&rsquo;\u00c9tat), des membres de la Commission, au Comit\u00e9 d&rsquo;\u00e9thique, et au Parti Poplulaire Europ\u00e9en (PPE) afin d&rsquo;invalider la candidature d&rsquo;Ursula von der Leyen en raison de graves violations des trait\u00e9s europ\u00e9ens;<\/li>\n<\/ul>\n\n\n\n<p><a href=\"https:\/\/www.youtube.com\/@Bam-press\"><\/a><\/p>\n\n\n\n<h3 class=\"wp-block-heading has-text-align-left\" style=\"padding-top:var(--wp--preset--spacing--20);padding-bottom:var(--wp--preset--spacing--20)\"><strong>2023<\/strong><\/h3>\n\n\n\n<ul class=\"wp-block-list\">\n<li class=\"text-align-justify\" style=\"margin-right:var(--wp--preset--spacing--20);margin-left:var(--wp--preset--spacing--20);padding-top:0.5rem;padding-bottom:0.5rem\">Audience de la CJUE dans l&rsquo;affaire DejaVu.Legal c\/ Commission europ\u00e9enne visant \u00e0 obtenir l&rsquo;annulation du refus de transmettre les contrats d&rsquo;achat et liste des noms des experts de la Commission;<\/li>\n\n\n\n<li class=\"text-align-justify\" style=\"margin-right:var(--wp--preset--spacing--20);margin-left:var(--wp--preset--spacing--20);padding-top:0.5rem;padding-bottom:0.5rem\">Audience de la CJUE dans l&rsquo;affaire d\u00e9put\u00e9s europ\u00e9ens  c\/ Commission europ\u00e9enne visant \u00e0 obtenir l&rsquo;annulation du refus de transmettre les contrats d&rsquo;achat et liste des noms des experts de la Commission;<\/li>\n\n\n\n<li class=\"text-align-justify\" style=\"margin-right:var(--wp--preset--spacing--20);margin-left:var(--wp--preset--spacing--20);padding-top:0.5rem;padding-bottom:0.5rem\">Double appel devant la Cour de Justice de l&rsquo;Union Europ\u00e9enne (CJUE);<\/li>\n\n\n\n<li class=\"text-align-justify\" style=\"margin-right:var(--wp--preset--spacing--20);margin-left:var(--wp--preset--spacing--20);padding-top:0.5rem;padding-bottom:0.5rem\">Contr\u00f4le arbitraire des donn\u00e9es d&rsquo;inscriptions dans le registre des lobbys du cabinet de Fr\u00e9d\u00e9ric Baldan, suspension de son badge d&rsquo;acc\u00e8s, puis radiation de son accr\u00e9ditation \u2014 en violation flagrante de la directive prot\u00e9geant en th\u00e9orie les lanceurs d&rsquo;alertes.<\/li>\n\n\n\n<li class=\"text-align-justify\" style=\"margin-right:var(--wp--preset--spacing--20);margin-left:var(--wp--preset--spacing--20);padding-top:0.5rem;padding-bottom:0.5rem\">Conf\u00e9rence de presse donn\u00e9e depuis les locaux du Parlement europ\u00e9en \u00e0 Paris sur invitation de la d\u00e9put\u00e9e europ\u00e9enne fran\u00e7aise Mich\u00e8le Rivasi ;<\/li>\n\n\n\n<li class=\"text-align-justify\" style=\"margin-right:var(--wp--preset--spacing--20);margin-left:var(--wp--preset--spacing--20);padding-top:0.5rem;padding-bottom:0.5rem\">Double proc\u00e9dure (au fond et en r\u00e9f\u00e9r\u00e9) devant le Tribunal de l&rsquo;Union europ\u00e9enne visant \u00e0 r\u00e9clamer l&rsquo;application du code de bonne conduite des commissaires europ\u00e9ens et de suspendre Ursula von der Leyen et sa Commission;<\/li>\n\n\n\n<li class=\"text-align-justify\" style=\"margin-right:var(--wp--preset--spacing--20);margin-left:var(--wp--preset--spacing--20);padding-top:0.5rem;padding-bottom:0.5rem\">Plainte avec constitution de partie civile de Fr\u00e9d\u00e9ric Baldan d\u00e9pos\u00e9e dans les mains du juge li\u00e9geois Fr\u00e9d\u00e9ric Frenay pour corruption, prise ill\u00e9gale d&rsquo;int\u00e9r\u00eats, destruction de documents publics et usurpation de titre et fonction;<\/li>\n<\/ul>\n\n\n\n<h3 class=\"wp-block-heading has-text-align-left\" style=\"padding-top:var(--wp--preset--spacing--20);padding-bottom:var(--wp--preset--spacing--20)\"><strong>2022<\/strong><\/h3>\n\n\n\n<ul class=\"wp-block-list\">\n<li class=\"text-align-justify\" style=\"margin-top:0.5rem;margin-right:var(--wp--preset--spacing--20);margin-bottom:0.5rem;margin-left:var(--wp--preset--spacing--20);padding-top:0;padding-right:0;padding-bottom:0;padding-left:0\">La saisine des procureurs g\u00e9n\u00e9raux de Belgique;<\/li>\n\n\n\n<li class=\"text-align-justify\" style=\"margin-top:0.5rem;margin-right:var(--wp--preset--spacing--20);margin-bottom:0.5rem;margin-left:var(--wp--preset--spacing--20);padding-top:0;padding-right:0;padding-bottom:0;padding-left:0\">Aveu public de Sandra Gallina Chef d&rsquo;Unit\u00e9 \u00e0 la DG Sant\u00e9 de la Commission europ\u00e9enne, elle avoue ouvertement avoir agi de mani\u00e8re ill\u00e9gale, et cela malgr\u00e9 les mises en garde des juristes de son administration.<\/li>\n\n\n\n<li class=\"text-align-justify\" style=\"margin-top:0.5rem;margin-right:var(--wp--preset--spacing--20);margin-bottom:0.5rem;margin-left:var(--wp--preset--spacing--20);padding-top:0;padding-right:0;padding-bottom:0;padding-left:0\">Aveu public de Janine Small (Pfizer), en lieu et place de son PDG Albert Bourla lors de son audition devant le Parlement europ\u00e9en.<\/li>\n<\/ul>\n\n\n\n<p><\/p>\n\n\n\n<p><\/p>\n\n\n\n<p style=\"padding-top:var(--wp--preset--spacing--30);padding-bottom:var(--wp--preset--spacing--30)\"><em>Cette page fera l&rsquo;objet d&rsquo;am\u00e9liorations prochainement<\/em><\/p>\n\n\n\n<h2 class=\"wp-block-heading alignfull has-text-align-center has-contrast-color has-custom-color-1-background-color has-text-color has-background has-link-color wp-elements-f23eba5cf96765ea06e7405d06f92598\" style=\"padding-top:var(--wp--preset--spacing--20);padding-bottom:var(--wp--preset--spacing--20)\"><strong>\u00c0 propos du livre<\/strong><\/h2>\n\n\n\n<div class=\"wp-block-group alignwide has-global-padding is-layout-constrained wp-container-core-group-is-layout-d89aad35 wp-block-group-is-layout-constrained\" style=\"margin-top:0;margin-bottom:0;padding-top:var(--wp--preset--spacing--50);padding-right:var(--wp--preset--spacing--50);padding-bottom:var(--wp--preset--spacing--50);padding-left:var(--wp--preset--spacing--50)\">\n<div class=\"wp-block-columns alignwide are-vertically-aligned-center is-layout-flex wp-container-core-columns-is-layout-47c06fe3 wp-block-columns-is-layout-flex\">\n<div class=\"wp-block-column is-vertically-aligned-center is-layout-flow wp-block-column-is-layout-flow\" style=\"flex-basis:50%\">\n<h2 class=\"wp-block-heading\" style=\"padding-top:var(--wp--preset--spacing--20);padding-bottom:var(--wp--preset--spacing--20)\"><strong>UrsulaGates : <\/strong><br><strong>la compromission par les lobbys<\/strong><\/h2>\n\n\n\n<ul style=\"line-height:1.75\" class=\"wp-block-list is-style-checkmark-list\">\n<li>Disponible en version ebook et papier.<\/li>\n\n\n\n<li>\u00c9chantillons gratuits en 10 langues.<\/li>\n\n\n\n<li>Un ouvrage sans \u00e9quivalent.<\/li>\n<\/ul>\n\n\n\n<div class=\"wp-block-buttons is-content-justification-left is-layout-flex wp-container-core-buttons-is-layout-b243c687 wp-block-buttons-is-layout-flex\" style=\"margin-top:var(--wp--preset--spacing--20);margin-bottom:var(--wp--preset--spacing--20)\">\n<div class=\"wp-block-button is-style-fill\"><a class=\"wp-block-button__link has-contrast-color has-custom-red-ursula-background-color has-text-color has-background has-link-color has-text-align-center wp-element-button\" href=\"\/a-propos-du-livre\">Tout sur <strong>le livr<\/strong>e<\/a><\/div>\n<\/div>\n<\/div>\n\n\n\n<div class=\"wp-block-column is-vertically-aligned-center is-layout-flow wp-block-column-is-layout-flow\" style=\"flex-basis:50%\">\n<figure class=\"wp-block-image size-full is-style-rounded is-style-rounded--1\"><img loading=\"lazy\" decoding=\"async\" width=\"2560\" height=\"1706\" src=\"http:\/\/www.ursulagates.com\/wp-content\/uploads\/2024\/10\/UrsulaGates_9-782960-365306_Mockup_300dpi_CMYK-scaled.jpg\" alt=\"Mockup du livre &quot;UrsulaGates : la compromission par les lobbys de Fr\u00e9d\u00e9ric BALDAN sur l'affaire p\u00e9nale UrsulaGates \u00e0 Li\u00e8ge.  #ursulagates &quot;Ursula Gates&quot;\" class=\"wp-image-54\" srcset=\"https:\/\/www.ursulagates.com\/wp-content\/uploads\/2024\/10\/UrsulaGates_9-782960-365306_Mockup_300dpi_CMYK-scaled.jpg 2560w, https:\/\/www.ursulagates.com\/wp-content\/uploads\/2024\/10\/UrsulaGates_9-782960-365306_Mockup_300dpi_CMYK-300x200.jpg 300w, https:\/\/www.ursulagates.com\/wp-content\/uploads\/2024\/10\/UrsulaGates_9-782960-365306_Mockup_300dpi_CMYK-1024x682.jpg 1024w, https:\/\/www.ursulagates.com\/wp-content\/uploads\/2024\/10\/UrsulaGates_9-782960-365306_Mockup_300dpi_CMYK-768x512.jpg 768w, https:\/\/www.ursulagates.com\/wp-content\/uploads\/2024\/10\/UrsulaGates_9-782960-365306_Mockup_300dpi_CMYK-1536x1024.jpg 1536w, https:\/\/www.ursulagates.com\/wp-content\/uploads\/2024\/10\/UrsulaGates_9-782960-365306_Mockup_300dpi_CMYK-2048x1365.jpg 2048w\" sizes=\"auto, (max-width: 2560px) 100vw, 2560px\" \/><\/figure>\n<\/div>\n<\/div>\n<\/div>\n\n\n\n<p><\/p>\n","protected":false},"excerpt":{"rendered":"<p>About Affair #UrsulaGates : l&rsquo;affaire judiciaire D\u00e9clarations \u00e0 la sortie de la troisi\u00e8me audience p\u00e9nale devant la Chambre des Mises en Accusation du Tribunal de Premi\u00e8re Instance de Li\u00e8ge Le point sur la seconde audience p\u00e9nale devant la Chambre du Conseil du Tribunal de Premi\u00e8re Instance de Li\u00e8ge Le point sur la 1\u00e8re audience p\u00e9nale [&hellip;]<\/p>\n","protected":false},"author":1,"featured_media":18,"parent":0,"menu_order":0,"comment_status":"closed","ping_status":"closed","template":"page-no-title","meta":{"footnotes":""},"class_list":["post-183","page","type-page","status-publish","has-post-thumbnail","hentry"],"yoast_head":"<!-- This site is optimized with the Yoast SEO plugin v26.0 - https:\/\/yoast.com\/wordpress\/plugins\/seo\/ -->\n<title>L&#039;affaire p\u00e9nale UrsulaGates \u00e0 Li\u00e8ge<\/title>\n<meta name=\"description\" content=\"Affaire p\u00e9nale UrsulaGates visant Ursula von der Leyen pour notamment pour corruption, prise ill\u00e9gale d&#039;int\u00e9r\u00eats. #ursulagates &quot;Ursula Gates&quot;\" \/>\n<meta name=\"robots\" content=\"index, follow, max-snippet:-1, max-image-preview:large, max-video-preview:-1\" \/>\n<link rel=\"canonical\" href=\"https:\/\/www.ursulagates.com\/fr\/a-propos-de-laffaire-judiciaire\/\" \/>\n<meta property=\"og:locale\" content=\"fr_FR\" \/>\n<meta property=\"og:type\" content=\"article\" \/>\n<meta property=\"og:title\" content=\"L&#039;affaire p\u00e9nale UrsulaGates \u00e0 Li\u00e8ge\" \/>\n<meta property=\"og:description\" content=\"Affaire p\u00e9nale UrsulaGates visant Ursula von der Leyen pour notamment pour corruption, prise ill\u00e9gale d&#039;int\u00e9r\u00eats. #ursulagates &quot;Ursula Gates&quot;\" \/>\n<meta property=\"og:url\" content=\"https:\/\/www.ursulagates.com\/fr\/a-propos-de-laffaire-judiciaire\/\" \/>\n<meta property=\"article:modified_time\" content=\"2025-01-19T08:08:20+00:00\" \/>\n<meta property=\"og:image\" content=\"https:\/\/www.ursulagates.com\/wp-content\/uploads\/2024\/10\/EPA9293739_Licensed_CEBiz-scaled.jpg\" \/>\n\t<meta property=\"og:image:width\" content=\"2560\" \/>\n\t<meta property=\"og:image:height\" content=\"1714\" \/>\n\t<meta property=\"og:image:type\" content=\"image\/jpeg\" \/>\n<meta name=\"twitter:card\" content=\"summary_large_image\" \/>\n<meta name=\"twitter:site\" content=\"@baldanfrederic\" \/>\n<meta name=\"twitter:label1\" content=\"Dur\u00e9e de lecture estim\u00e9e\" \/>\n\t<meta name=\"twitter:data1\" content=\"7 minutes\" \/>\n<script type=\"application\/ld+json\" class=\"yoast-schema-graph\">{\"@context\":\"https:\/\/schema.org\",\"@graph\":[{\"@type\":\"WebPage\",\"@id\":\"https:\/\/www.ursulagates.com\/a-propos-de-laffaire-judiciaire\/\",\"url\":\"https:\/\/www.ursulagates.com\/a-propos-de-laffaire-judiciaire\/\",\"name\":\"L'affaire p\u00e9nale UrsulaGates \u00e0 Li\u00e8ge\",\"isPartOf\":{\"@id\":\"https:\/\/www.ursulagates.com\/#website\"},\"primaryImageOfPage\":{\"@id\":\"https:\/\/www.ursulagates.com\/a-propos-de-laffaire-judiciaire\/#primaryimage\"},\"image\":{\"@id\":\"https:\/\/www.ursulagates.com\/a-propos-de-laffaire-judiciaire\/#primaryimage\"},\"thumbnailUrl\":\"https:\/\/www.ursulagates.com\/wp-content\/uploads\/2024\/10\/EPA9293739_Licensed_CEBiz-scaled.jpg\",\"datePublished\":\"2024-11-04T13:26:19+00:00\",\"dateModified\":\"2025-01-19T08:08:20+00:00\",\"description\":\"Affaire p\u00e9nale UrsulaGates visant Ursula von der Leyen pour notamment pour corruption, prise ill\u00e9gale d'int\u00e9r\u00eats. #ursulagates \\\"Ursula Gates\\\"\",\"breadcrumb\":{\"@id\":\"https:\/\/www.ursulagates.com\/a-propos-de-laffaire-judiciaire\/#breadcrumb\"},\"inLanguage\":\"fr-FR\",\"potentialAction\":[{\"@type\":\"ReadAction\",\"target\":[\"https:\/\/www.ursulagates.com\/a-propos-de-laffaire-judiciaire\/\"]}]},{\"@type\":\"ImageObject\",\"inLanguage\":\"fr-FR\",\"@id\":\"https:\/\/www.ursulagates.com\/a-propos-de-laffaire-judiciaire\/#primaryimage\",\"url\":\"https:\/\/www.ursulagates.com\/wp-content\/uploads\/2024\/10\/EPA9293739_Licensed_CEBiz-scaled.jpg\",\"contentUrl\":\"https:\/\/www.ursulagates.com\/wp-content\/uploads\/2024\/10\/EPA9293739_Licensed_CEBiz-scaled.jpg\",\"width\":2560,\"height\":1714,\"caption\":\"Ursula von der Leyen visiting Pfizer in Puurs, Belgium, 23 April 2021. Photo credit: EPA-EFE\/JOHN THYS\/POOL, License: CEBiz SA by EPA, \u00a9 copyright: CEBiz SA\"},{\"@type\":\"BreadcrumbList\",\"@id\":\"https:\/\/www.ursulagates.com\/a-propos-de-laffaire-judiciaire\/#breadcrumb\",\"itemListElement\":[{\"@type\":\"ListItem\",\"position\":1,\"name\":\"Accueil\",\"item\":\"https:\/\/www.ursulagates.com\/\"},{\"@type\":\"ListItem\",\"position\":2,\"name\":\"L&rsquo;affaire\"}]},{\"@type\":\"WebSite\",\"@id\":\"https:\/\/www.ursulagates.com\/#website\",\"url\":\"https:\/\/www.ursulagates.com\/\",\"name\":\"UrsulaGates : la compromission par les lobbys\",\"description\":\"UrsulaGates : la compromission par les lobbys\",\"publisher\":{\"@id\":\"https:\/\/www.ursulagates.com\/#organization\"},\"potentialAction\":[{\"@type\":\"SearchAction\",\"target\":{\"@type\":\"EntryPoint\",\"urlTemplate\":\"https:\/\/www.ursulagates.com\/?s={search_term_string}\"},\"query-input\":{\"@type\":\"PropertyValueSpecification\",\"valueRequired\":true,\"valueName\":\"search_term_string\"}}],\"inLanguage\":\"fr-FR\"},{\"@type\":\"Organization\",\"@id\":\"https:\/\/www.ursulagates.com\/#organization\",\"name\":\"\u00c9ditions Droits et Libert\u00e9s\",\"url\":\"https:\/\/www.ursulagates.com\/\",\"logo\":{\"@type\":\"ImageObject\",\"inLanguage\":\"fr-FR\",\"@id\":\"https:\/\/www.ursulagates.com\/#\/schema\/logo\/image\/\",\"url\":\"https:\/\/www.ursulagates.com\/wp-content\/uploads\/2024\/10\/cropped-UrsulaGates_9-782960-365306_Front-Cover_150dpi.jpg\",\"contentUrl\":\"https:\/\/www.ursulagates.com\/wp-content\/uploads\/2024\/10\/cropped-UrsulaGates_9-782960-365306_Front-Cover_150dpi.jpg\",\"width\":512,\"height\":512,\"caption\":\"\u00c9ditions Droits et Libert\u00e9s\"},\"image\":{\"@id\":\"https:\/\/www.ursulagates.com\/#\/schema\/logo\/image\/\"},\"sameAs\":[\"https:\/\/x.com\/baldanfrederic\"]}]}<\/script>\n<!-- \/ Yoast SEO plugin. -->","yoast_head_json":{"title":"L'affaire p\u00e9nale UrsulaGates \u00e0 Li\u00e8ge","description":"Affaire p\u00e9nale UrsulaGates visant Ursula von der Leyen pour notamment pour corruption, prise ill\u00e9gale d'int\u00e9r\u00eats. #ursulagates \"Ursula Gates\"","robots":{"index":"index","follow":"follow","max-snippet":"max-snippet:-1","max-image-preview":"max-image-preview:large","max-video-preview":"max-video-preview:-1"},"canonical":"https:\/\/www.ursulagates.com\/fr\/a-propos-de-laffaire-judiciaire\/","og_locale":"fr_FR","og_type":"article","og_title":"L'affaire p\u00e9nale UrsulaGates \u00e0 Li\u00e8ge","og_description":"Affaire p\u00e9nale UrsulaGates visant Ursula von der Leyen pour notamment pour corruption, prise ill\u00e9gale d'int\u00e9r\u00eats. #ursulagates \"Ursula Gates\"","og_url":"https:\/\/www.ursulagates.com\/fr\/a-propos-de-laffaire-judiciaire\/","article_modified_time":"2025-01-19T08:08:20+00:00","og_image":[{"width":2560,"height":1714,"url":"https:\/\/www.ursulagates.com\/wp-content\/uploads\/2024\/10\/EPA9293739_Licensed_CEBiz-scaled.jpg","type":"image\/jpeg"}],"twitter_card":"summary_large_image","twitter_site":"@baldanfrederic","twitter_misc":{"Dur\u00e9e de lecture estim\u00e9e":"7 minutes"},"schema":{"@context":"https:\/\/schema.org","@graph":[{"@type":"WebPage","@id":"https:\/\/www.ursulagates.com\/a-propos-de-laffaire-judiciaire\/","url":"https:\/\/www.ursulagates.com\/a-propos-de-laffaire-judiciaire\/","name":"L'affaire p\u00e9nale UrsulaGates \u00e0 Li\u00e8ge","isPartOf":{"@id":"https:\/\/www.ursulagates.com\/#website"},"primaryImageOfPage":{"@id":"https:\/\/www.ursulagates.com\/a-propos-de-laffaire-judiciaire\/#primaryimage"},"image":{"@id":"https:\/\/www.ursulagates.com\/a-propos-de-laffaire-judiciaire\/#primaryimage"},"thumbnailUrl":"https:\/\/www.ursulagates.com\/wp-content\/uploads\/2024\/10\/EPA9293739_Licensed_CEBiz-scaled.jpg","datePublished":"2024-11-04T13:26:19+00:00","dateModified":"2025-01-19T08:08:20+00:00","description":"Affaire p\u00e9nale UrsulaGates visant Ursula von der Leyen pour notamment pour corruption, prise ill\u00e9gale d'int\u00e9r\u00eats. #ursulagates \"Ursula Gates\"","breadcrumb":{"@id":"https:\/\/www.ursulagates.com\/a-propos-de-laffaire-judiciaire\/#breadcrumb"},"inLanguage":"fr-FR","potentialAction":[{"@type":"ReadAction","target":["https:\/\/www.ursulagates.com\/a-propos-de-laffaire-judiciaire\/"]}]},{"@type":"ImageObject","inLanguage":"fr-FR","@id":"https:\/\/www.ursulagates.com\/a-propos-de-laffaire-judiciaire\/#primaryimage","url":"https:\/\/www.ursulagates.com\/wp-content\/uploads\/2024\/10\/EPA9293739_Licensed_CEBiz-scaled.jpg","contentUrl":"https:\/\/www.ursulagates.com\/wp-content\/uploads\/2024\/10\/EPA9293739_Licensed_CEBiz-scaled.jpg","width":2560,"height":1714,"caption":"Ursula von der Leyen visiting Pfizer in Puurs, Belgium, 23 April 2021. Photo credit: EPA-EFE\/JOHN THYS\/POOL, License: CEBiz SA by EPA, \u00a9 copyright: CEBiz SA"},{"@type":"BreadcrumbList","@id":"https:\/\/www.ursulagates.com\/a-propos-de-laffaire-judiciaire\/#breadcrumb","itemListElement":[{"@type":"ListItem","position":1,"name":"Accueil","item":"https:\/\/www.ursulagates.com\/"},{"@type":"ListItem","position":2,"name":"L&rsquo;affaire"}]},{"@type":"WebSite","@id":"https:\/\/www.ursulagates.com\/#website","url":"https:\/\/www.ursulagates.com\/","name":"UrsulaGates : la compromission par les lobbys","description":"UrsulaGates : la compromission par les lobbys","publisher":{"@id":"https:\/\/www.ursulagates.com\/#organization"},"potentialAction":[{"@type":"SearchAction","target":{"@type":"EntryPoint","urlTemplate":"https:\/\/www.ursulagates.com\/?s={search_term_string}"},"query-input":{"@type":"PropertyValueSpecification","valueRequired":true,"valueName":"search_term_string"}}],"inLanguage":"fr-FR"},{"@type":"Organization","@id":"https:\/\/www.ursulagates.com\/#organization","name":"\u00c9ditions Droits et Libert\u00e9s","url":"https:\/\/www.ursulagates.com\/","logo":{"@type":"ImageObject","inLanguage":"fr-FR","@id":"https:\/\/www.ursulagates.com\/#\/schema\/logo\/image\/","url":"https:\/\/www.ursulagates.com\/wp-content\/uploads\/2024\/10\/cropped-UrsulaGates_9-782960-365306_Front-Cover_150dpi.jpg","contentUrl":"https:\/\/www.ursulagates.com\/wp-content\/uploads\/2024\/10\/cropped-UrsulaGates_9-782960-365306_Front-Cover_150dpi.jpg","width":512,"height":512,"caption":"\u00c9ditions Droits et Libert\u00e9s"},"image":{"@id":"https:\/\/www.ursulagates.com\/#\/schema\/logo\/image\/"},"sameAs":["https:\/\/x.com\/baldanfrederic"]}]}},"_links":{"self":[{"href":"http:\/\/www.ursulagates.com\/fr\/wp-json\/wp\/v2\/pages\/183","targetHints":{"allow":["GET"]}}],"collection":[{"href":"http:\/\/www.ursulagates.com\/fr\/wp-json\/wp\/v2\/pages"}],"about":[{"href":"http:\/\/www.ursulagates.com\/fr\/wp-json\/wp\/v2\/types\/page"}],"author":[{"embeddable":true,"href":"http:\/\/www.ursulagates.com\/fr\/wp-json\/wp\/v2\/users\/1"}],"replies":[{"embeddable":true,"href":"http:\/\/www.ursulagates.com\/fr\/wp-json\/wp\/v2\/comments?post=183"}],"version-history":[{"count":44,"href":"http:\/\/www.ursulagates.com\/fr\/wp-json\/wp\/v2\/pages\/183\/revisions"}],"predecessor-version":[{"id":992,"href":"http:\/\/www.ursulagates.com\/fr\/wp-json\/wp\/v2\/pages\/183\/revisions\/992"}],"wp:featuredmedia":[{"embeddable":true,"href":"http:\/\/www.ursulagates.com\/fr\/wp-json\/wp\/v2\/media\/18"}],"wp:attachment":[{"href":"http:\/\/www.ursulagates.com\/fr\/wp-json\/wp\/v2\/media?parent=183"}],"curies":[{"name":"wp","href":"https:\/\/api.w.org\/{rel}","templated":true}]}}